{"id":74840,"date":"2024-04-24T14:23:51","date_gmt":"2024-04-24T12:23:51","guid":{"rendered":"https:\/\/www.insardinia.ch\/property\/vue-exceptionnelle-sur-la-mer\/"},"modified":"2024-04-24T14:24:33","modified_gmt":"2024-04-24T12:24:33","slug":"vue-exceptionnelle-sur-la-mer","status":"publish","type":"property","link":"https:\/\/www.insardinia.ch\/it\/property\/vue-exceptionnelle-sur-la-mer\/","title":{"rendered":"Vue exceptionnelle sur la mer"},"content":{"rendered":"<h1><strong>Appartement \u00e0 deux pas de la plage, du centre-ville et avec une vue imprenable sur la mer<\/strong><\/h1>\n<div class=\"page\" title=\"Page 1\">\n<div class=\"layoutArea\">\n<div class=\"column\">\n<p>Ce charmant appartement est situe\u0301 dans la station balne\u0301aire populaire de <strong><a href=\"https:\/\/www.sardegnaturismo.it\/fr\/lieux\/nord-est\/santa-teresa-gallura\">Santa Teresa di Gallura<\/a>,<\/strong> dans une re\u0301sidence a\u0300 deux pas du centre et des services.<\/p>\n<p>Situe\u0301 au deuxie\u0300me e\u0301tage d&#8217;un immeuble datant des anne\u0301es 1970, cette proprie\u0301te\u0301 a fait l&#8217;objet de plusieurs re\u0301novations inte\u0301rieures et exte\u0301rieures au fil des ans.<\/p>\n<p>Au sein de la re\u0301sidence, compose\u0301e de trois ba\u0302timents et ge\u0301re\u0301e par une administration de coproprie\u0301te\u0301, vous pourrez profiter d&#8217;une tranquillite\u0301 et d&#8217;une intimite\u0301 uniques. La place de parking re\u0301serve\u0301e dans le garage, accessible directement depuis l&#8217;inte\u0301rieur de la re\u0301sidence, est un gage de commodite\u0301 et de se\u0301curite\u0301.<\/p>\n<p>L&#8217;appartement offre une ambiance lumineuse et agre\u0301able, avec des salles de bains re\u0301cemment re\u0301nove\u0301es et un syste\u0300me e\u0301lectrique a\u0300 jour. Bien que les installations soient date\u0301es, la belle porte coulissante du salon donne sur une vue imprenable sur la mer, offrant des moments de de\u0301tente et de contemplation.<\/p>\n<p>L&#8217;ame\u0301nagement inte\u0301rieur comprend trois chambres doubles, deux salles de bains, un salon spacieux et une cuisine fonctionnelle. Les dimensions ge\u0301ne\u0301reuses du salon s&#8217;e\u0301tendent sur quatre grands balcons, offrant un espace ide\u0301al pour profiter du climat me\u0301diterrane\u0301en et des magnifiques vues environnantes.<\/p>\n<p>La situation privile\u0301gie\u0301e de l&#8217;appartement permet de rejoindre facilement la plage de Rena Bianca, situe\u0301e a\u0300 seulement 300 me\u0300tres, et la place principale anime\u0301e, situe\u0301e a\u0300 seulement 200 me\u0300tres, ou\u0300 vous trouverez des magasins, des restaurants et divers services.<\/p>\n<p>Il ne faut pas oublier la possibilite\u0301 de profiter d&#8217;un grenier habitable inclus dans le prix, qui offre la possibilite\u0301 d&#8217;agrandir encore les espaces de vie et de personnaliser l&#8217;habitation en fonction des besoins.<\/p>\n<p>Cette proprie\u0301te\u0301 repre\u0301sente une opportunite\u0301 unique pour ceux qui recherchent une retraite en bord de mer avec une vue exceptionnelle et toutes les commodite\u0301s de la vie urbaine a\u0300 porte\u0301e de main.<\/p>\n<p>700 000 euros ne\u0301gociables<\/p>\n<p><a href=\"https:\/\/www.insardinia.ch\/it\/state\/santa-teresa-di-gallura\/\"><strong>Voir plus de propri\u00e9t\u00e9s \u00e0 vendre dans la r\u00e9gion<\/strong><\/a><\/p>\n<\/div>\n<\/div>\n<\/div>\n","protected":false},"excerpt":{"rendered":"<p>Appartement \u00e0 deux pas de la plage, du centre-ville et avec une vue imprenable sur la mer Ce charmant appartement est situe\u0301 dans la station balne\u0301aire populaire de Santa Teresa di Gallura, dans une re\u0301sidence a\u0300 deux pas du centre et des services. Situe\u0301 au deuxie\u0300me e\u0301tage d&#8217;un immeuble datant des anne\u0301es 1970, cette proprie\u0301te\u0301 [&hellip;]<\/p>\n","protected":false},"author":2,"featured_media":74813,"parent":0,"menu_order":0,"template":"","property_type":[1274],"property_status":[16],"property_feature":[],"property_label":[655],"property_city":[593],"property_area":[],"property_state":[364],"yoast_head":"<!-- This site is optimized with the Yoast SEO plugin v21.3 - https:\/\/yoast.com\/wordpress\/plugins\/seo\/ -->\n<title>Vue exceptionnelle sur la mer - InSardinia<\/title>\n<meta name=\"robots\" content=\"index, follow, max-snippet:-1, max-image-preview:large, max-video-preview:-1\" \/>\n<link rel=\"canonical\" href=\"https:\/\/www.insardinia.ch\/it\/property\/vue-exceptionnelle-sur-la-mer\/\" \/>\n<meta property=\"og:locale\" content=\"it_IT\" \/>\n<meta property=\"og:type\" content=\"article\" \/>\n<meta property=\"og:title\" content=\"Vue exceptionnelle sur la mer - InSardinia\" \/>\n<meta property=\"og:description\" content=\"Appartement \u00e0 deux pas de la plage, du centre-ville et avec une vue imprenable sur la mer Ce charmant appartement est situe\u0301 dans la station balne\u0301aire populaire de Santa Teresa di Gallura, dans une re\u0301sidence a\u0300 deux pas du centre et des services. Situe\u0301 au deuxie\u0300me e\u0301tage d&#8217;un immeuble datant des anne\u0301es 1970, cette proprie\u0301te\u0301 [&hellip;]\" \/>\n<meta property=\"og:url\" content=\"https:\/\/www.insardinia.ch\/it\/property\/vue-exceptionnelle-sur-la-mer\/\" \/>\n<meta property=\"og:site_name\" content=\"InSardinia\" \/>\n<meta property=\"article:modified_time\" content=\"2024-04-24T12:24:33+00:00\" \/>\n<meta property=\"og:image\" content=\"https:\/\/www.insardinia.ch\/vendita\/wp-content\/uploads\/2024\/04\/dndncjd.jpg\" \/>\n\t<meta property=\"og:image:width\" content=\"1024\" \/>\n\t<meta property=\"og:image:height\" content=\"680\" \/>\n\t<meta property=\"og:image:type\" content=\"image\/jpeg\" \/>\n<meta name=\"twitter:card\" content=\"summary_large_image\" \/>\n<meta name=\"twitter:label1\" content=\"Tempo di lettura stimato\" \/>\n\t<meta name=\"twitter:data1\" content=\"2 minuti\" \/>\n<script type=\"application\/ld+json\" class=\"yoast-schema-graph\">{\"@context\":\"https:\/\/schema.org\",\"@graph\":[{\"@type\":\"WebPage\",\"@id\":\"https:\/\/www.insardinia.ch\/it\/property\/vue-exceptionnelle-sur-la-mer\/\",\"url\":\"https:\/\/www.insardinia.ch\/it\/property\/vue-exceptionnelle-sur-la-mer\/\",\"name\":\"Vue exceptionnelle sur la mer - InSardinia\",\"isPartOf\":{\"@id\":\"https:\/\/www.insardinia.ch\/en\/#website\"},\"datePublished\":\"2024-04-24T12:23:51+00:00\",\"dateModified\":\"2024-04-24T12:24:33+00:00\",\"breadcrumb\":{\"@id\":\"https:\/\/www.insardinia.ch\/it\/property\/vue-exceptionnelle-sur-la-mer\/#breadcrumb\"},\"inLanguage\":\"it-IT\",\"potentialAction\":[{\"@type\":\"ReadAction\",\"target\":[\"https:\/\/www.insardinia.ch\/it\/property\/vue-exceptionnelle-sur-la-mer\/\"]}]},{\"@type\":\"BreadcrumbList\",\"@id\":\"https:\/\/www.insardinia.ch\/it\/property\/vue-exceptionnelle-sur-la-mer\/#breadcrumb\",\"itemListElement\":[{\"@type\":\"ListItem\",\"position\":1,\"name\":\"Home\",\"item\":\"https:\/\/www.insardinia.ch\/it\/\"},{\"@type\":\"ListItem\",\"position\":2,\"name\":\"Propriet\u00e0\",\"item\":\"https:\/\/www.insardinia.ch\/it\/property\/\"},{\"@type\":\"ListItem\",\"position\":3,\"name\":\"Vue exceptionnelle sur la mer\"}]},{\"@type\":\"WebSite\",\"@id\":\"https:\/\/www.insardinia.ch\/en\/#website\",\"url\":\"https:\/\/www.insardinia.ch\/en\/\",\"name\":\"InSardinia\",\"description\":\"\",\"potentialAction\":[{\"@type\":\"SearchAction\",\"target\":{\"@type\":\"EntryPoint\",\"urlTemplate\":\"https:\/\/www.insardinia.ch\/en\/?s={search_term_string}\"},\"query-input\":\"required name=search_term_string\"}],\"inLanguage\":\"it-IT\"}]}<\/script>\n<!-- \/ Yoast SEO plugin. -->","yoast_head_json":{"title":"Vue exceptionnelle sur la mer - InSardinia","robots":{"index":"index","follow":"follow","max-snippet":"max-snippet:-1","max-image-preview":"max-image-preview:large","max-video-preview":"max-video-preview:-1"},"canonical":"https:\/\/www.insardinia.ch\/it\/property\/vue-exceptionnelle-sur-la-mer\/","og_locale":"it_IT","og_type":"article","og_title":"Vue exceptionnelle sur la mer - InSardinia","og_description":"Appartement \u00e0 deux pas de la plage, du centre-ville et avec une vue imprenable sur la mer Ce charmant appartement est situe\u0301 dans la station balne\u0301aire populaire de Santa Teresa di Gallura, dans une re\u0301sidence a\u0300 deux pas du centre et des services. Situe\u0301 au deuxie\u0300me e\u0301tage d&#8217;un immeuble datant des anne\u0301es 1970, cette proprie\u0301te\u0301 [&hellip;]","og_url":"https:\/\/www.insardinia.ch\/it\/property\/vue-exceptionnelle-sur-la-mer\/","og_site_name":"InSardinia","article_modified_time":"2024-04-24T12:24:33+00:00","og_image":[{"width":1024,"height":680,"url":"https:\/\/www.insardinia.ch\/vendita\/wp-content\/uploads\/2024\/04\/dndncjd.jpg","type":"image\/jpeg"}],"twitter_card":"summary_large_image","twitter_misc":{"Tempo di lettura stimato":"2 minuti"},"schema":{"@context":"https:\/\/schema.org","@graph":[{"@type":"WebPage","@id":"https:\/\/www.insardinia.ch\/it\/property\/vue-exceptionnelle-sur-la-mer\/","url":"https:\/\/www.insardinia.ch\/it\/property\/vue-exceptionnelle-sur-la-mer\/","name":"Vue exceptionnelle sur la mer - InSardinia","isPartOf":{"@id":"https:\/\/www.insardinia.ch\/en\/#website"},"datePublished":"2024-04-24T12:23:51+00:00","dateModified":"2024-04-24T12:24:33+00:00","breadcrumb":{"@id":"https:\/\/www.insardinia.ch\/it\/property\/vue-exceptionnelle-sur-la-mer\/#breadcrumb"},"inLanguage":"it-IT","potentialAction":[{"@type":"ReadAction","target":["https:\/\/www.insardinia.ch\/it\/property\/vue-exceptionnelle-sur-la-mer\/"]}]},{"@type":"BreadcrumbList","@id":"https:\/\/www.insardinia.ch\/it\/property\/vue-exceptionnelle-sur-la-mer\/#breadcrumb","itemListElement":[{"@type":"ListItem","position":1,"name":"Home","item":"https:\/\/www.insardinia.ch\/it\/"},{"@type":"ListItem","position":2,"name":"Propriet\u00e0","item":"https:\/\/www.insardinia.ch\/it\/property\/"},{"@type":"ListItem","position":3,"name":"Vue exceptionnelle sur la mer"}]},{"@type":"WebSite","@id":"https:\/\/www.insardinia.ch\/en\/#website","url":"https:\/\/www.insardinia.ch\/en\/","name":"InSardinia","description":"","potentialAction":[{"@type":"SearchAction","target":{"@type":"EntryPoint","urlTemplate":"https:\/\/www.insardinia.ch\/en\/?s={search_term_string}"},"query-input":"required name=search_term_string"}],"inLanguage":"it-IT"}]}},"_links":{"self":[{"href":"https:\/\/www.insardinia.ch\/it\/wp-json\/wp\/v2\/properties\/74840"}],"collection":[{"href":"https:\/\/www.insardinia.ch\/it\/wp-json\/wp\/v2\/properties"}],"about":[{"href":"https:\/\/www.insardinia.ch\/it\/wp-json\/wp\/v2\/types\/property"}],"author":[{"embeddable":true,"href":"https:\/\/www.insardinia.ch\/it\/wp-json\/wp\/v2\/users\/2"}],"version-history":[{"count":1,"href":"https:\/\/www.insardinia.ch\/it\/wp-json\/wp\/v2\/properties\/74840\/revisions"}],"predecessor-version":[{"id":74843,"href":"https:\/\/www.insardinia.ch\/it\/wp-json\/wp\/v2\/properties\/74840\/revisions\/74843"}],"wp:featuredmedia":[{"embeddable":true,"href":"https:\/\/www.insardinia.ch\/it\/wp-json\/wp\/v2\/media\/74813"}],"wp:attachment":[{"href":"https:\/\/www.insardinia.ch\/it\/wp-json\/wp\/v2\/media?parent=74840"}],"wp:term":[{"taxonomy":"property_type","embeddable":true,"href":"https:\/\/www.insardinia.ch\/it\/wp-json\/wp\/v2\/property_type?post=74840"},{"taxonomy":"property_status","embeddable":true,"href":"https:\/\/www.insardinia.ch\/it\/wp-json\/wp\/v2\/property_status?post=74840"},{"taxonomy":"property_feature","embeddable":true,"href":"https:\/\/www.insardinia.ch\/it\/wp-json\/wp\/v2\/property_feature?post=74840"},{"taxonomy":"property_label","embeddable":true,"href":"https:\/\/www.insardinia.ch\/it\/wp-json\/wp\/v2\/property_label?post=74840"},{"taxonomy":"property_city","embeddable":true,"href":"https:\/\/www.insardinia.ch\/it\/wp-json\/wp\/v2\/property_city?post=74840"},{"taxonomy":"property_area","embeddable":true,"href":"https:\/\/www.insardinia.ch\/it\/wp-json\/wp\/v2\/property_area?post=74840"},{"taxonomy":"property_state","embeddable":true,"href":"https:\/\/www.insardinia.ch\/it\/wp-json\/wp\/v2\/property_state?post=74840"}],"curies":[{"name":"wp","href":"https:\/\/api.w.org\/{rel}","templated":true}]}}